{"id":4309,"date":"2024-08-23T17:22:14","date_gmt":"2024-08-23T17:22:14","guid":{"rendered":"https:\/\/www.waldwelt-allgaeu.de\/menu\/"},"modified":"2025-04-15T13:20:16","modified_gmt":"2025-04-15T13:20:16","slug":"menu","status":"publish","type":"page","link":"https:\/\/www.waldwelt-allgaeu.de\/en\/menu\/","title":{"rendered":"Menu"},"content":{"rendered":"\n<div class=\"wp-block-columns is-layout-flex wp-container-core-columns-is-layout-9d6595d7 wp-block-columns-is-layout-flex\">\n<div class=\"wp-block-column is-layout-flow wp-block-column-is-layout-flow\" style=\"flex-basis:100%\">\n<div class=\"wp-block-columns is-layout-flex wp-container-core-columns-is-layout-9d6595d7 wp-block-columns-is-layout-flex\">\n<div class=\"wp-block-column is-layout-flow wp-block-column-is-layout-flow\">\n<h2 class=\"wp-block-heading has-white-background-color has-background\"><strong>From our Forest-R\u00f6sti Forge<\/strong><\/h2>\n\n\n\n<div class=\"wp-block-group\"><div class=\"wp-block-group__inner-container is-layout-constrained wp-block-group-is-layout-constrained\">\n<div class=\"wp-block-group has-white-background-color has-background\"><div class=\"wp-block-group__inner-container is-layout-constrained wp-block-group-is-layout-constrained\">\n<h3 class=\"wp-block-heading\"><strong>Forest Power R\u00f6sti<\/strong><\/h3>\n\n\n\n<p>Delicate r\u00f6sti with wild garlic cream, wild mushroom salad, watercress, garnished with wild herbs, sprouts and sunflower seeds<\/p>\n\n\n\n<p><em>Gluten-free, g, k. &#8230;&#8230;&#8230;&#8230;&#8230;&#8230;&#8230;&#8230;&#8230;&#8230;&#8230;&#8230;&#8230;&#8230;&#8230;&#8230;&#8230;.<\/em> 14,90 \u20ac  <\/p>\n<\/div><\/div>\n<\/div><\/div>\n\n\n\n<div class=\"wp-block-group has-white-background-color has-background\"><div class=\"wp-block-group__inner-container is-layout-constrained wp-block-group-is-layout-constrained\">\n<h3 class=\"wp-block-heading\"><strong>Allgovian R\u00f6sti<\/strong><\/h3>\n\n\n\n<p>Delicate r\u00f6sti with wild garlic cream, garnished wild herbs, Allgovian ham, Allgovian mountain cheese and sunflower seeds<\/p>\n\n\n\n<p><em>Gluten-free, g, k. &#8230;&#8230;&#8230;&#8230;&#8230;&#8230;&#8230;&#8230;&#8230;&#8230;&#8230;&#8230;&#8230;&#8230;&#8230;&#8230;&#8230;.<\/em> 14,90 \u20ac  <\/p>\n<\/div><\/div>\n\n\n\n<div class=\"wp-block-group has-white-background-color has-background\"><div class=\"wp-block-group__inner-container is-layout-constrained wp-block-group-is-layout-constrained\">\n<h3 class=\"wp-block-heading\"><strong>Plenter Forest R\u00f6sti<\/strong><\/h3>\n\n\n\n<p>Delicate r\u00f6sti with wild garlic cream, grilled chicken, garnished with wild herbs, cress and sunflower seeds<\/p>\n\n\n\n<p><em>a1, g, k.<\/em>&#8230;&#8230;&#8230;&#8230;&#8230;&#8230;&#8230;&#8230;&#8230;&#8230;&#8230;&#8230;&#8230;&#8230;&#8230;&#8230;&#8230;&#8230;&#8230;&#8230;&#8230;&#8230;&#8230; 14,90 \u20ac <\/p>\n<\/div><\/div>\n\n\n\n<div class=\"wp-block-group has-white-background-color has-background\"><div class=\"wp-block-group__inner-container is-layout-constrained wp-block-group-is-layout-constrained\">\n<h3 class=\"wp-block-heading\"><strong>Forest Temptation<\/strong><\/h3>\n\n\n\n<p>Delicate r\u00f6sti with wild berry sauce and vanilla ice cream<\/p>\n\n\n\n<p><em>Gluten free&#8230;&#8230;&#8230;&#8230;&#8230;&#8230;&#8230;&#8230;&#8230;&#8230;&#8230;&#8230;&#8230;&#8230;&#8230;&#8230;&#8230;&#8230;&#8230;&#8230;.<\/em> 10,90 \u20ac <\/p>\n<\/div><\/div>\n<\/div>\n\n\n\n<div class=\"wp-block-column is-layout-flow wp-block-column-is-layout-flow\">\n<h2 class=\"wp-block-heading has-white-background-color has-background\"><strong>From the Habitat Forest<\/strong><\/h2>\n\n\n\n<div class=\"wp-block-group has-white-background-color has-background\"><div class=\"wp-block-group__inner-container is-layout-constrained wp-block-group-is-layout-constrained\">\n<h3 class=\"wp-block-heading\"><strong>Forest Plate<\/strong><\/h3>\n\n\n\n<p>Fried wild boar and herb sausage with thyme gravy and Sp\u00e4tzle noodles<\/p>\n\n\n\n<p><em>a1, c, f&#8230;&#8230;&#8230;&#8230;&#8230;&#8230;&#8230;&#8230;&#8230;&#8230;&#8230;&#8230;&#8230;12<\/em>,90 \u20ac<\/p>\n<\/div><\/div>\n\n\n\n<div class=\"wp-block-group has-white-background-color has-background\"><div class=\"wp-block-group__inner-container is-layout-constrained wp-block-group-is-layout-constrained\">\n<h3 class=\"wp-block-heading\"><strong>Currywurst Plate<\/strong><\/h3>\n\n\n\n<p>Venison sausage with homemade seaberrycurry sauce and wild garlic potato wedges served with a herb dip<\/p>\n\n\n\n<p><em>Gluten-free, g. .<\/em>&#8230;&#8230;&#8230;&#8230;&#8230;&#8230;&#8230;&#8230;..12,90 \u20ac<\/p>\n\n\n\n<h3 class=\"wp-block-heading\"><strong>Stacked Chicken Burger<\/strong><\/h3>\n\n\n\n<p>Burger with grilled chicken in a herb bun with salad, sauce, onions, cucumbers, tomatoes and slices of pears, along with wild garlic potato wedges and a dip<\/p>\n\n\n\n<p><em>a1, c, f, g, k, l.<\/em>&#8230;&#8230;&#8230;&#8230;&#8230;&#8230;&#8230;&#8230;&#8230; 15,90\u20ac <\/p>\n\n\n\n<h3 class=\"wp-block-heading\"><strong>Meadow burger<\/strong><\/h3>\n\n\n\n<p>Veggie burger with vegetable patty in a herb bun with salad, sauce, onions, cucumbers, tomatoes and slices of pears, along with wild garlic potato wedges and a dip<\/p>\n\n\n\n<p><em>a1, c, f, g, k, l.<\/em>&#8230;&#8230;&#8230;&#8230;&#8230;&#8230;&#8230;&#8230;&#8230;.. \u20ac 15.90<\/p>\n<\/div><\/div>\n<\/div>\n<\/div>\n\n\n\n<div class=\"spacer topcolor-light bottomcolor-light \n                    iconpos-center icon-nuesse elastic-spacer elastic-spacer--full\">\n\n    <div class=\"spacer__background background-light top\"><\/div>\n    <div class=\"spacer__background background-light bottom\"><\/div>\n    <!-- Illustration Debug: acf_value=nuesse, filename=nuesse, sizes=[120,240,580], lang=de --><div class=\"spacer__icon-container\">\n                                <img decoding=\"async\" \n                                    src=\"https:\/\/www.waldwelt-allgaeu.de\/wp-content\/themes\/waldwelt\/app\/assets\/illustrations\/nuesse-240w.png\" \n                                    class=\"spacer__icon icon-nuesse \" \n                                    srcset=\"https:\/\/www.waldwelt-allgaeu.de\/wp-content\/themes\/waldwelt\/app\/assets\/illustrations\/nuesse-120w.png 120w, https:\/\/www.waldwelt-allgaeu.de\/wp-content\/themes\/waldwelt\/app\/assets\/illustrations\/nuesse-240w.png 240w, https:\/\/www.waldwelt-allgaeu.de\/wp-content\/themes\/waldwelt\/app\/assets\/illustrations\/nuesse-580w.png 580w\" \n                                    sizes=\"(max-width: 600px) 11vw, 150px\" \n                                    alt=\"Dekorative, handgezeichnete Illustration von Haseln\u00fcssen\" \n                                    role=\"presentation\"  \/>\n                                <\/div>\n<\/div>\n\n\n\n<div class=\"wp-block-columns is-layout-flex wp-container-core-columns-is-layout-9d6595d7 wp-block-columns-is-layout-flex\">\n<div class=\"wp-block-column is-layout-flow wp-block-column-is-layout-flow\">\n<h2 class=\"wp-block-heading has-white-background-color has-background\"><strong>For Fiends of Nature<\/strong><\/h2>\n\n\n\n<div class=\"wp-block-group\"><div class=\"wp-block-group__inner-container is-layout-constrained wp-block-group-is-layout-constrained\">\n<div class=\"wp-block-group has-white-background-color has-background\"><div class=\"wp-block-group__inner-container is-layout-constrained wp-block-group-is-layout-constrained\">\n<h3 class=\"wp-block-heading\"><strong>Wood-meadow salad<\/strong><\/h3>\n\n\n\n<p>Wild herb salad, wild mushrooms, radishes, tomatoes, pear, cress and Waldwelt dressing<\/p>\n\n\n\n<p><em>Gluten-free, k&#8230;&#8230;&#8230;&#8230;&#8230;&#8230;&#8230;&#8230;&#8230;&#8230;&#8230;.<\/em> 10,90 \u20ac <\/p>\n\n\n\n<h3 class=\"wp-block-heading\"><strong>Lumberjack salad<\/strong><\/h3>\n\n\n\n<p>Wild herb salad, radishes, tomatoes, wild mushrooms, grilled chicken, pear, cress and Waldwelt dressing<\/p>\n\n\n\n<p>a1, &#8230;&#8230;&#8230;&#8230;&#8230;&#8230;&#8230;&#8230;&#8230;&#8230;&#8230;.13,90 \u20ac<\/p>\n<\/div><\/div>\n<\/div><\/div>\n\n\n\n<h2 class=\"wp-block-heading has-white-background-color has-background\">For our Little Forest Explorers<\/h2>\n\n\n\n<div class=\"wp-block-group has-white-background-color has-background\"><div class=\"wp-block-group__inner-container is-layout-constrained wp-block-group-is-layout-constrained\">\n<h3 class=\"wp-block-heading\"><strong>Forest meat balls<\/strong><\/h3>\n\n\n\n<p>Beef meat balls with cream sauce, Sp\u00e4tzle noodles and carrots<br\/>a1, <em>c, g, k&#8230;&#8230;&#8230;&#8230;&#8230;&#8230;&#8230;<\/em> 6,90 \u20ac<\/p>\n\n\n\n<h3 class=\"wp-block-heading\"><strong>Vegetarian forest ball plate<\/strong><\/h3>\n\n\n\n<p>Vegetarian vegetable balls with cream sauce, spaetzle and carrots<\/p>\n\n\n\n<p><em>a1, a3, a4, f, i, k.<\/em>&#8230;&#8230;&#8230;&#8230;&#8230;&#8230;&#8230;&#8230;.7,60 \u20ac <\/p>\n\n\n\n<h3 class=\"wp-block-heading\"><strong>Explorer&#8217;s plate<\/strong><\/h3>\n\n\n\n<p>Potato wedges with herb dip<br\/><em>Gluten-free, g. &#8230;&#8230;&#8230;&#8230;&#8230;&#8230;<\/em> 4,90 \u20ac <\/p>\n\n\n\n<h3 class=\"wp-block-heading\"><strong>Sp\u00e4tzle Noodles with Sour Cream Sauce<\/strong><\/h3>\n\n\n\n<p>a1, c, <em>f.<\/em>&#8230;&#8230;&#8230;.. 5,90 \u20ac<\/p>\n<\/div><\/div>\n<\/div>\n\n\n\n<div class=\"wp-block-column is-layout-flow wp-block-column-is-layout-flow\">\n<h2 class=\"wp-block-heading has-white-background-color has-background\"><strong>From the Allgovian mixed forest<\/strong><\/h2>\n\n\n\n<div class=\"wp-block-group has-white-background-color has-background\"><div class=\"wp-block-group__inner-container is-layout-constrained wp-block-group-is-layout-constrained\">\n<h3 class=\"wp-block-heading\"><strong>Red Kite Plate<\/strong><\/h3>\n\n\n\n<p>Wild garlic potato wedges served with a herb dip<\/p>\n\n\n\n<p><em>Gluten-free, g. &#8230;&#8230;&#8230;.<\/em> 4,90 \u20ac  <\/p>\n\n\n\n<h3 class=\"wp-block-heading\"><strong>Allgovian Cheese Sp\u00e4tzle<\/strong><\/h3>\n\n\n\n<p>Savoury cheese Sp\u00e4tzle noodles served in a cast-iron pan with roasted onions<\/p>\n\n\n\n<p>a1, <em>c, g.<\/em>&#8230;&#8230;&#8230;&#8230;.. 10,90 \u20ac<\/p>\n\n\n\n<h3 class=\"wp-block-heading\"><strong>Mixed wild herb salad<\/strong><\/h3>\n\n\n\n<p><em>Gluten-free&#8230;&#8230;&#8230;&#8230;&#8230;&#8230;&#8230;..<\/em> 4,90 \u20ac<\/p>\n\n\n\n<h3 class=\"wp-block-heading\"><strong>Savoury Sausage Salad<\/strong><\/h3>\n\n\n\n<p>With bread roll<\/p>\n\n\n\n<p><em>a1, (without bread roll: gluten-free)&#8230;&#8230;&#8230;&#8230;&#8230;&#8230;<\/em> \u20ac 9.60  <\/p>\n\n\n\n<h3 class=\"wp-block-heading\"><strong>Kaiserschmarrn<\/strong><\/h3>\n\n\n\n<p>Fluffy, shredded pancake with almonds and plum compote<\/p>\n\n\n\n<p>a1, c, <em>g.<\/em>&#8230;&#8230;&#8230;&#8230;&#8230;&#8230;.. 10,90 \u20ac<\/p>\n<\/div><\/div>\n\n\n\n<h2 class=\"wp-block-heading has-white-background-color has-background\"><strong>Sweet<\/strong><\/h2>\n\n\n\n<div class=\"wp-block-group has-white-background-color has-background\"><div class=\"wp-block-group__inner-container is-layout-constrained wp-block-group-is-layout-constrained\">\n<h3 class=\"wp-block-heading\"><strong>Cakes &amp; tarts<\/strong><\/h3>\n\n\n\n<p>Your choice&#8230;&#8230;&#8230;&#8230;&#8230;&#8230;&#8230;&#8230;&#8230; 4,90 \u20ac<\/p>\n\n\n\n<h3 class=\"wp-block-heading\"><strong>Coffee and cake combo<\/strong><\/h3>\n\n\n\n<p>A hot drink and a slice of cake or tart of your choice<br\/>a, c, f, g, h &#8230;&#8230;&#8230;&#8230;&#8230;&#8230;..7,90 \u20ac  <\/p>\n<\/div><\/div>\n<\/div>\n<\/div>\n<\/div>\n<\/div>\n\n<h2 class=\"wp-block-heading\"><strong>Do you have any change requests?<\/strong><\/h2>\n\n<p>We are happy to accommodate them for an additional charge of \u20ac1.50!<\/p>\n\n<div class=\"spacer topcolor-light bottomcolor-dark \n                    iconpos-center icon-eule elastic-spacer elastic-spacer--full\">\n\n    <div class=\"spacer__background background-light top\"><\/div>\n    <div class=\"spacer__background background-dark bottom\"><\/div>\n    <!-- Illustration Debug: acf_value=eule, filename=eule, sizes=[120,240,580], lang=de --><div class=\"spacer__icon-container\">\n                                <img decoding=\"async\" \n                                    src=\"https:\/\/www.waldwelt-allgaeu.de\/wp-content\/themes\/waldwelt\/app\/assets\/illustrations\/eule-240w.png\" \n                                    class=\"spacer__icon icon-eule \" \n                                    srcset=\"https:\/\/www.waldwelt-allgaeu.de\/wp-content\/themes\/waldwelt\/app\/assets\/illustrations\/eule-120w.png 120w, https:\/\/www.waldwelt-allgaeu.de\/wp-content\/themes\/waldwelt\/app\/assets\/illustrations\/eule-240w.png 240w, https:\/\/www.waldwelt-allgaeu.de\/wp-content\/themes\/waldwelt\/app\/assets\/illustrations\/eule-580w.png 580w\" \n                                    sizes=\"(max-width: 600px) 11vw, 150px\" \n                                    alt=\"Dekorative, handgezeichnete Illustration einer Eule im Wald\" \n                                    role=\"presentation\"  \/>\n                                <\/div>\n<\/div>\n","protected":false},"excerpt":{"rendered":"<p>From our Forest-R\u00f6sti Forge Forest Power R\u00f6sti Delicate r\u00f6sti with wild garlic cream, wild mushroom salad, watercress, garnished with wild herbs, sprouts and sunflower seeds Gluten-free, g, k. &#8230;&#8230;&#8230;&#8230;&#8230;&#8230;&#8230;&#8230;&#8230;&#8230;&#8230;&#8230;&#8230;&#8230;&#8230;&#8230;&#8230;. 14,90 \u20ac Allgovian R\u00f6sti Delicate r\u00f6sti with wild garlic cream, garnished wild herbs, Allgovian ham, Allgovian mountain cheese and sunflower seeds Gluten-free, g, k. &#8230;&#8230;&#8230;&#8230;&#8230;&#8230;&#8230;&#8230;&#8230;&#8230;&#8230;&#8230;&#8230;&#8230;&#8230;&#8230;&#8230;. 14,90 [&hellip;]<\/p>\n","protected":false},"author":4,"featured_media":0,"parent":0,"menu_order":0,"comment_status":"closed","ping_status":"closed","template":"","meta":{"_acf_changed":false,"footnotes":""},"class_list":["post-4309","page","type-page","status-publish","hentry"],"acf":[],"yoast_head":"<!-- This site is optimized with the Yoast SEO plugin v27.4 - https:\/\/yoast.com\/product\/yoast-seo-wordpress\/ -->\n<title>Menu - Waldwelt<\/title>\n<meta name=\"robots\" content=\"index, follow, max-snippet:-1, max-image-preview:large, max-video-preview:-1\" \/>\n<link rel=\"canonical\" href=\"https:\/\/www.waldwelt-allgaeu.de\/en\/menu\/\" \/>\n<meta property=\"og:locale\" content=\"en_US\" \/>\n<meta property=\"og:type\" content=\"article\" \/>\n<meta property=\"og:title\" content=\"Menu - Waldwelt\" \/>\n<meta property=\"og:description\" content=\"From our Forest-R\u00f6sti Forge Forest Power R\u00f6sti Delicate r\u00f6sti with wild garlic cream, wild mushroom salad, watercress, garnished with wild herbs, sprouts and sunflower seeds Gluten-free, g, k. &#8230;&#8230;&#8230;&#8230;&#8230;&#8230;&#8230;&#8230;&#8230;&#8230;&#8230;&#8230;&#8230;&#8230;&#8230;&#8230;&#8230;. 14,90 \u20ac Allgovian R\u00f6sti Delicate r\u00f6sti with wild garlic cream, garnished wild herbs, Allgovian ham, Allgovian mountain cheese and sunflower seeds Gluten-free, g, k. &#8230;&#8230;&#8230;&#8230;&#8230;&#8230;&#8230;&#8230;&#8230;&#8230;&#8230;&#8230;&#8230;&#8230;&#8230;&#8230;&#8230;. 14,90 [&hellip;]\" \/>\n<meta property=\"og:url\" content=\"https:\/\/www.waldwelt-allgaeu.de\/en\/menu\/\" \/>\n<meta property=\"og:site_name\" content=\"Waldwelt\" \/>\n<meta property=\"article:publisher\" content=\"https:\/\/www.facebook.com\/skywalk.allgaeu\/\" \/>\n<meta property=\"article:modified_time\" content=\"2025-04-15T13:20:16+00:00\" \/>\n<meta name=\"twitter:card\" content=\"summary_large_image\" \/>\n<meta name=\"twitter:label1\" content=\"Est. reading time\" \/>\n\t<meta name=\"twitter:data1\" content=\"2 minutes\" \/>\n<script type=\"application\/ld+json\" class=\"yoast-schema-graph\">{\"@context\":\"https:\\\/\\\/schema.org\",\"@graph\":[{\"@type\":\"WebPage\",\"@id\":\"https:\\\/\\\/www.waldwelt-allgaeu.de\\\/en\\\/menu\\\/\",\"url\":\"https:\\\/\\\/www.waldwelt-allgaeu.de\\\/en\\\/menu\\\/\",\"name\":\"Menu - Waldwelt\",\"isPartOf\":{\"@id\":\"https:\\\/\\\/www.waldwelt-allgaeu.de\\\/en\\\/#website\"},\"datePublished\":\"2024-08-23T17:22:14+00:00\",\"dateModified\":\"2025-04-15T13:20:16+00:00\",\"breadcrumb\":{\"@id\":\"https:\\\/\\\/www.waldwelt-allgaeu.de\\\/en\\\/menu\\\/#breadcrumb\"},\"inLanguage\":\"en-US\",\"potentialAction\":[{\"@type\":\"ReadAction\",\"target\":[\"https:\\\/\\\/www.waldwelt-allgaeu.de\\\/en\\\/menu\\\/\"]}]},{\"@type\":\"BreadcrumbList\",\"@id\":\"https:\\\/\\\/www.waldwelt-allgaeu.de\\\/en\\\/menu\\\/#breadcrumb\",\"itemListElement\":[{\"@type\":\"ListItem\",\"position\":1,\"name\":\"homepage\",\"item\":\"https:\\\/\\\/www.waldwelt-allgaeu.de\\\/en\\\/\"},{\"@type\":\"ListItem\",\"position\":2,\"name\":\"Menu\"}]},{\"@type\":\"WebSite\",\"@id\":\"https:\\\/\\\/www.waldwelt-allgaeu.de\\\/en\\\/#website\",\"url\":\"https:\\\/\\\/www.waldwelt-allgaeu.de\\\/en\\\/\",\"name\":\"Skywalk Waldwelt Allg\u00e4u\",\"description\":\"\",\"publisher\":{\"@id\":\"https:\\\/\\\/www.waldwelt-allgaeu.de\\\/en\\\/#organization\"},\"potentialAction\":[{\"@type\":\"SearchAction\",\"target\":{\"@type\":\"EntryPoint\",\"urlTemplate\":\"https:\\\/\\\/www.waldwelt-allgaeu.de\\\/en\\\/?s={search_term_string}\"},\"query-input\":{\"@type\":\"PropertyValueSpecification\",\"valueRequired\":true,\"valueName\":\"search_term_string\"}}],\"inLanguage\":\"en-US\"},{\"@type\":\"Organization\",\"@id\":\"https:\\\/\\\/www.waldwelt-allgaeu.de\\\/en\\\/#organization\",\"name\":\"Skywalk Waldwelt Allg\u00e4u\",\"url\":\"https:\\\/\\\/www.waldwelt-allgaeu.de\\\/en\\\/\",\"logo\":{\"@type\":\"ImageObject\",\"inLanguage\":\"en-US\",\"@id\":\"https:\\\/\\\/www.waldwelt-allgaeu.de\\\/en\\\/#\\\/schema\\\/logo\\\/image\\\/\",\"url\":\"https:\\\/\\\/www.waldwelt-allgaeu.de\\\/wp-content\\\/uploads\\\/2024\\\/10\\\/waldwelt-compact-green-1c@2x.png\",\"contentUrl\":\"https:\\\/\\\/www.waldwelt-allgaeu.de\\\/wp-content\\\/uploads\\\/2024\\\/10\\\/waldwelt-compact-green-1c@2x.png\",\"width\":200,\"height\":200,\"caption\":\"Skywalk Waldwelt Allg\u00e4u\"},\"image\":{\"@id\":\"https:\\\/\\\/www.waldwelt-allgaeu.de\\\/en\\\/#\\\/schema\\\/logo\\\/image\\\/\"},\"sameAs\":[\"https:\\\/\\\/www.facebook.com\\\/skywalk.allgaeu\\\/\",\"https:\\\/\\\/www.instagram.com\\\/waldwelt.skywalk.allgaeu\\\/\",\"https:\\\/\\\/www.youtube.com\\\/playlist?list=PLZC_IUWrAuPNB3NTnzKV8ingZBLsq4FbX\",\"https:\\\/\\\/www.linkedin.com\\\/company\\\/waldweltskywalkallgaeu\\\/posts\\\/?feedView=all\",\"https:\\\/\\\/de.pinterest.com\\\/waldweltskywalkallgaeu\\\/\"]}]}<\/script>\n<!-- \/ Yoast SEO plugin. -->","yoast_head_json":{"title":"Menu - Waldwelt","robots":{"index":"index","follow":"follow","max-snippet":"max-snippet:-1","max-image-preview":"max-image-preview:large","max-video-preview":"max-video-preview:-1"},"canonical":"https:\/\/www.waldwelt-allgaeu.de\/en\/menu\/","og_locale":"en_US","og_type":"article","og_title":"Menu - Waldwelt","og_description":"From our Forest-R\u00f6sti Forge Forest Power R\u00f6sti Delicate r\u00f6sti with wild garlic cream, wild mushroom salad, watercress, garnished with wild herbs, sprouts and sunflower seeds Gluten-free, g, k. &#8230;&#8230;&#8230;&#8230;&#8230;&#8230;&#8230;&#8230;&#8230;&#8230;&#8230;&#8230;&#8230;&#8230;&#8230;&#8230;&#8230;. 14,90 \u20ac Allgovian R\u00f6sti Delicate r\u00f6sti with wild garlic cream, garnished wild herbs, Allgovian ham, Allgovian mountain cheese and sunflower seeds Gluten-free, g, k. &#8230;&#8230;&#8230;&#8230;&#8230;&#8230;&#8230;&#8230;&#8230;&#8230;&#8230;&#8230;&#8230;&#8230;&#8230;&#8230;&#8230;. 14,90 [&hellip;]","og_url":"https:\/\/www.waldwelt-allgaeu.de\/en\/menu\/","og_site_name":"Waldwelt","article_publisher":"https:\/\/www.facebook.com\/skywalk.allgaeu\/","article_modified_time":"2025-04-15T13:20:16+00:00","twitter_card":"summary_large_image","twitter_misc":{"Est. reading time":"2 minutes"},"schema":{"@context":"https:\/\/schema.org","@graph":[{"@type":"WebPage","@id":"https:\/\/www.waldwelt-allgaeu.de\/en\/menu\/","url":"https:\/\/www.waldwelt-allgaeu.de\/en\/menu\/","name":"Menu - Waldwelt","isPartOf":{"@id":"https:\/\/www.waldwelt-allgaeu.de\/en\/#website"},"datePublished":"2024-08-23T17:22:14+00:00","dateModified":"2025-04-15T13:20:16+00:00","breadcrumb":{"@id":"https:\/\/www.waldwelt-allgaeu.de\/en\/menu\/#breadcrumb"},"inLanguage":"en-US","potentialAction":[{"@type":"ReadAction","target":["https:\/\/www.waldwelt-allgaeu.de\/en\/menu\/"]}]},{"@type":"BreadcrumbList","@id":"https:\/\/www.waldwelt-allgaeu.de\/en\/menu\/#breadcrumb","itemListElement":[{"@type":"ListItem","position":1,"name":"homepage","item":"https:\/\/www.waldwelt-allgaeu.de\/en\/"},{"@type":"ListItem","position":2,"name":"Menu"}]},{"@type":"WebSite","@id":"https:\/\/www.waldwelt-allgaeu.de\/en\/#website","url":"https:\/\/www.waldwelt-allgaeu.de\/en\/","name":"Skywalk Waldwelt Allg\u00e4u","description":"","publisher":{"@id":"https:\/\/www.waldwelt-allgaeu.de\/en\/#organization"},"potentialAction":[{"@type":"SearchAction","target":{"@type":"EntryPoint","urlTemplate":"https:\/\/www.waldwelt-allgaeu.de\/en\/?s={search_term_string}"},"query-input":{"@type":"PropertyValueSpecification","valueRequired":true,"valueName":"search_term_string"}}],"inLanguage":"en-US"},{"@type":"Organization","@id":"https:\/\/www.waldwelt-allgaeu.de\/en\/#organization","name":"Skywalk Waldwelt Allg\u00e4u","url":"https:\/\/www.waldwelt-allgaeu.de\/en\/","logo":{"@type":"ImageObject","inLanguage":"en-US","@id":"https:\/\/www.waldwelt-allgaeu.de\/en\/#\/schema\/logo\/image\/","url":"https:\/\/www.waldwelt-allgaeu.de\/wp-content\/uploads\/2024\/10\/waldwelt-compact-green-1c@2x.png","contentUrl":"https:\/\/www.waldwelt-allgaeu.de\/wp-content\/uploads\/2024\/10\/waldwelt-compact-green-1c@2x.png","width":200,"height":200,"caption":"Skywalk Waldwelt Allg\u00e4u"},"image":{"@id":"https:\/\/www.waldwelt-allgaeu.de\/en\/#\/schema\/logo\/image\/"},"sameAs":["https:\/\/www.facebook.com\/skywalk.allgaeu\/","https:\/\/www.instagram.com\/waldwelt.skywalk.allgaeu\/","https:\/\/www.youtube.com\/playlist?list=PLZC_IUWrAuPNB3NTnzKV8ingZBLsq4FbX","https:\/\/www.linkedin.com\/company\/waldweltskywalkallgaeu\/posts\/?feedView=all","https:\/\/de.pinterest.com\/waldweltskywalkallgaeu\/"]}]}},"_links":{"self":[{"href":"https:\/\/www.waldwelt-allgaeu.de\/en\/wp-json\/wp\/v2\/pages\/4309","targetHints":{"allow":["GET"]}}],"collection":[{"href":"https:\/\/www.waldwelt-allgaeu.de\/en\/wp-json\/wp\/v2\/pages"}],"about":[{"href":"https:\/\/www.waldwelt-allgaeu.de\/en\/wp-json\/wp\/v2\/types\/page"}],"author":[{"embeddable":true,"href":"https:\/\/www.waldwelt-allgaeu.de\/en\/wp-json\/wp\/v2\/users\/4"}],"replies":[{"embeddable":true,"href":"https:\/\/www.waldwelt-allgaeu.de\/en\/wp-json\/wp\/v2\/comments?post=4309"}],"version-history":[{"count":5,"href":"https:\/\/www.waldwelt-allgaeu.de\/en\/wp-json\/wp\/v2\/pages\/4309\/revisions"}],"predecessor-version":[{"id":4734,"href":"https:\/\/www.waldwelt-allgaeu.de\/en\/wp-json\/wp\/v2\/pages\/4309\/revisions\/4734"}],"wp:attachment":[{"href":"https:\/\/www.waldwelt-allgaeu.de\/en\/wp-json\/wp\/v2\/media?parent=4309"}],"curies":[{"name":"wp","href":"https:\/\/api.w.org\/{rel}","templated":true}]}}